{"id":54,"date":"2020-05-10T16:21:37","date_gmt":"2020-05-10T16:21:37","guid":{"rendered":"http:\/\/apaselda.es\/?page_id=54"},"modified":"2021-05-18T19:21:48","modified_gmt":"2021-05-18T19:21:48","slug":"ceip-p-adre-manjon","status":"publish","type":"page","link":"https:\/\/apaselda.es\/?page_id=54","title":{"rendered":"CEIP PADRE  MANJON"},"content":{"rendered":"<div id=\"fb-root\"><\/div>\n\t\t<div data-elementor-type=\"wp-page\" data-elementor-id=\"54\" class=\"elementor elementor-54\">\n\t\t\t\t\t\t<section class=\"elementor-section elementor-top-section elementor-element elementor-element-482c3055 elementor-section-boxed elementor-section-height-default elementor-section-height-default\" data-id=\"482c3055\" data-element_type=\"section\" data-e-type=\"section\">\n\t\t\t\t\t\t<div class=\"elementor-container elementor-column-gap-default\">\n\t\t\t\t\t<div class=\"elementor-column elementor-col-100 elementor-top-column elementor-element elementor-element-2e96381f\" data-id=\"2e96381f\" data-element_type=\"column\" data-e-type=\"column\">\n\t\t\t<div class=\"elementor-widget-wrap elementor-element-populated\">\n\t\t\t\t\t\t<div class=\"elementor-element elementor-element-436bf7d9 elementor-widget elementor-widget-text-editor\" data-id=\"436bf7d9\" data-element_type=\"widget\" data-e-type=\"widget\" data-widget_type=\"text-editor.default\">\n\t\t\t\t<div class=\"elementor-widget-container\">\n\t\t\t\t\t\t\t\t\t\n<p class=\"has-text-align-center\">Actualmente, y como se\u00f1a de identidad del centro, es el \u00fanico en el la ciudad de Elda que cuenta con dos l\u00edneas que dependen de la lengua extranjera elegida (Ingl\u00e9s\/Franc\u00e9s).<\/p>\n\n\n\n<p class=\"has-text-align-center\">Se Imparten los niveles de Ed. Infantil y Ed. Primaria (4 grupos por curso). Adem\u00e1s, contamos con el servicio de Aula Matinal de 7:45 a 9:00 h. servicio que ofrece el AMPA Padre Manj\u00f3n.<\/p>\n\n\n\n<p><strong>Los proyectos de innovaci\u00f3n educativa etc\u2026<\/strong><\/p>\n\n\n\n<p><a href=\"https:\/\/www.ampamanjonelda.com\/proyectos#anchor-regimen-interior\">Reglamento de R\u00e9gimen Interior<\/a><\/p>\n\n\n\n<p><a href=\"https:\/\/www.ampamanjonelda.com\/proyectos#anchor-autoproteccion\">Autoprotecci\u00f3n<\/a><\/p>\n\n\n\n<p><a href=\"https:\/\/www.ampamanjonelda.com\/proyectos#anchor-plan-de-salud\">Plan de salud del Centro<\/a> (Somos centro Saludable)<\/p>\n\n\n\n<p><a href=\"https:\/\/www.ampamanjonelda.com\/proyectos#anchor-modelo-dialogico\">Modelo dial\u00f3gico<\/a> para la prevenci\u00f3n de conflictos<\/p>\n\n\n\n<p><a href=\"https:\/\/www.ampamanjonelda.com\/proyectos#anchor-diversidad\">Atenci\u00f3n a la Diversidad e Inclusi\u00f3n Educativa<\/a><\/p>\n\n\n\n<p>M\u00e1s info de estos proyectos en nuestra web<\/p>\n\n\n\n<p><\/p>\n\n\n\n<div class=\"wp-block-image\"><figure class=\"aligncenter size-large is-resized\"><img fetchpriority=\"high\" decoding=\"async\" src=\"http:\/\/apaselda.es\/wp-content\/uploads\/2020\/05\/logo-CPM0001.jpg\" alt=\"\" class=\"wp-image-39\" width=\"225\" height=\"249\" srcset=\"https:\/\/apaselda.es\/wp-content\/uploads\/2020\/05\/logo-CPM0001.jpg 715w, https:\/\/apaselda.es\/wp-content\/uploads\/2020\/05\/logo-CPM0001-271x300.jpg 271w\" sizes=\"(max-width: 225px) 100vw, 225px\" \/><\/figure><\/div>\n\n\n\n<p><strong>CEIP Padre Manj\u00f3n Elda<\/strong><\/p>\n\n\n\n<p>C\u00f3digo Colegio: 03005422 | R\u00e9gimen: PUB<\/p>\n\n\n\n<p>C\/ Padre Manj\u00f3n, n\u00ba 22<\/p>\n\n\n\n<p>03600 &#8211;&nbsp;<strong>ELDA<\/strong><\/p>\n\n\n\n<p>Tel.: | e-mail:&nbsp;<a href=\"mailto:03005422@gva.es\">03005422@gva.es<\/a><\/p>\n\n\n\n<p>Web del centro: <a href=\"http:\/\/www.padremanjonelda.es\/\">http:\/\/www.padremanjonelda.es\/<\/a><\/p>\n\n\n\n<p>Tel\u00e9fono: 966 957 430 | Fax: 966 957 431<\/p>\n\n\n\n<p>correo electr\u00f3nico: :&nbsp;<a href=\"mailto:03005422@gva.es\">03005422@gva.es<\/a><\/p>\n\n\n\n<p>Direcci\u00f3n del centro <strong>: C\/ Padre Manj\u00f3n, n\u00ba 22<\/strong>              03600 &#8211;&nbsp;<strong>ELDA<\/strong><\/p>\n\n\n\n<p>C\u00f3digo Colegio: 03005422 | R\u00e9gimen: PUB<\/p>\n\n\n\n<p><strong><u>Instalaciones:<\/u><\/strong><\/p>\n\n\n\n<p>El Colegio consta de&nbsp;<strong>dos edificios<\/strong>: el&nbsp;<strong>edificio Manj\u00f3n<\/strong>, que data del a\u00f1o 1932 y remodelado en 2003, y el&nbsp;<strong>edificio Aulario<\/strong>,&nbsp;<strong>inaugurado en el 1970, ampliado y adaptado en 2003.<\/strong>&nbsp;<\/p>\n\n\n\n<p>Desde la remodelaci\u00f3n, el&nbsp;<strong>edificio Manj\u00f3n consta de planta baja y dos plantas<\/strong>. En la planta baja est\u00e1n los despachos de direcci\u00f3n, jefatura de estudios y secretar\u00eda, la oficina de secretar\u00eda y el archivo, el despacho de orientaci\u00f3n, el sal\u00f3n de actos, el gimnasio, el despacho de profesorado de educaci\u00f3n F\u00edsica, los vestuarios, los aseos del profesorado, la sala de profesores, el vestuario para el personal de limpieza, la oficina de la APA y una conserjer\u00eda. La primera planta, que se comparte con la Biblioteca Municipal, dispone de aula de inform\u00e1tica y de la biblioteca del Centro. El resto del edificio corresponde a la Biblioteca Municipal Alberto Navarro.&nbsp;<\/p>\n\n\n\n<p>El&nbsp;<strong>edificio Aulario<\/strong>, donde se encuentra ubicado el aulario, est\u00e1 compuesto de planta baja y tres plantas. En su planta baja hay&nbsp;<strong>12 aulas de E.I.<\/strong>, con aseos compartidos cada dos aulas y adem\u00e1s&nbsp;<strong>3 aulas de apoyo<\/strong>&nbsp;y 2 despachos. Las otras tres plantas disponen, cada una de ellas, de&nbsp;<strong>8 aulas<\/strong>, despachos para el profesorado y&nbsp;<strong>aulas reducidas para apoyo, desdoble&#8230;&nbsp;<\/strong><br>Adem\u00e1s, en la primera planta se ubica el&nbsp;<strong>aula de m\u00fasica y el aula taller<\/strong>.<strong><u><\/u><\/strong><\/p>\n\n\n\n<p>EL edificio del comedor cuenta con cocina propia, gestionado en la actualidad por la empresa ANDOVER, la cual elabora diariamente <em>in situ<\/em> los men\u00fas diarios siguiendo nuestro proyecto de Vida Saludable. El comedor atiende en la actualidad a mas de 600 alumnos diariamente, repartidos en 2 turnos de 45 minutos. Los alumnos que hacen uso de comedor cuentan con actividades que la empresa encargada del mismo oferta trimestralmente.<\/p>\n\n\n\n<p>El patio est\u00e1 dividido en dos zonas, una exclusiva para infantil que cuenta con zona de juegos y otra, la m\u00e1s extensa, el patio general del centro que cuenta con dos pistas deportivas con porter\u00edas y canastas .<\/p>\n\n\n\n<figure class=\"wp-block-image size-large\"><img decoding=\"async\" width=\"524\" height=\"637\" src=\"http:\/\/apaselda.es\/wp-content\/uploads\/2020\/05\/PM.jpg\" alt=\"\" class=\"wp-image-40\" srcset=\"https:\/\/apaselda.es\/wp-content\/uploads\/2020\/05\/PM.jpg 524w, https:\/\/apaselda.es\/wp-content\/uploads\/2020\/05\/PM-247x300.jpg 247w\" sizes=\"(max-width: 524px) 100vw, 524px\" \/><\/figure>\n\n\n\n<p><strong><u>AMPA:<\/u><\/strong><\/p>\n\n\n\n<p>La AMPA del centro ofertas anualmente una serie de actividades y servicios tanto a los alumnos del centro como a padres.<\/p>\n\n\n\n<p>El cat\u00e1logo de actividades puede variar dependiendo de la demanda de los mismos y aunque puede variar en alg\u00fan nuevo servicio, actualmente se impartes estas extraescolares divididas en tres grupos<\/p>\n\n\n\n<p><strong>Cultura<\/strong><\/p>\n\n\n\n<p>Danza<\/p>\n\n\n\n<p>Baile moderno<\/p>\n\n\n\n<p>Danza del vientre<\/p>\n\n\n\n<p>Guitarra<\/p>\n\n\n\n<p>Lectura<\/p>\n\n\n\n<p>Iniciaci\u00f3n a la lectura<\/p>\n\n\n\n<p>M\u00fasica infantil<\/p>\n\n\n\n<p><strong>Tecnolog\u00eda e idiomas<\/strong><\/p>\n\n\n\n<p>Cocina<\/p>\n\n\n\n<p>Ingl\u00e9s<\/p>\n\n\n\n<p>Franc\u00e9s<\/p>\n\n\n\n<p>Manualidades<\/p>\n\n\n\n<p>Inform\u00e1tica<\/p>\n\n\n\n<p>Mecanograf\u00eda<\/p>\n\n\n\n<p><strong>Deportes<\/strong><\/p>\n\n\n\n<p>Aer\u00f3bic<\/p>\n\n\n\n<p>Multideporte mixto<\/p>\n\n\n\n<p>Karate<\/p>\n\n\n\n<p>Yoga<\/p>\n\n\n\n<p>F\u00fatbol-sala<\/p>\n\n\n\n<p>Baloncesto<\/p>\n\n\n\n<p>Balonmano<\/p>\n\n\n\n<p>Gimnasia r\u00edtmica<\/p>\n\n\n\n<p>Ajedrez<\/p>\n\n\n\n<p>Expresi\u00f3n corporal<\/p>\n\n\n\n<p>Boxeo educativo<\/p>\n\n\n\n<p>Adem\u00e1s desde este a\u00f1o se imparten Caf\u00e9 Tertulia gratuitos para padres en los que contamos con moderadores expertos en el tema que se va a tratar para los padres y madres del centro que est\u00e9n interesados.<\/p>\n\n\n\n<p>As\u00ed como el Manj\u00f3n Solidario, que anualmente se celebra en beneficio de alguna Asociaci\u00f3n u ONG local.<\/p>\n\n\n\n<p>Adem\u00e1s de otros muchos Proyectos que por las circunstancias actuales no se han podido llevar a cado<\/p>\n\n\n\n<figure class=\"wp-block-gallery columns-3 is-cropped wp-block-gallery-2 is-layout-flex wp-block-gallery-is-layout-flex\"><ul class=\"blocks-gallery-grid\"><li class=\"blocks-gallery-item\"><figure><img decoding=\"async\" width=\"960\" height=\"576\" src=\"http:\/\/apaselda.es\/wp-content\/uploads\/2020\/05\/ampa5-1-rotated.jpg\" alt=\"\" data-id=\"51\" data-full-url=\"http:\/\/apaselda.es\/wp-content\/uploads\/2020\/05\/ampa5-1-rotated.jpg\" data-link=\"http:\/\/apaselda.es\/?attachment_id=51\" class=\"wp-image-51\" srcset=\"https:\/\/apaselda.es\/wp-content\/uploads\/2020\/05\/ampa5-1-rotated.jpg 960w, https:\/\/apaselda.es\/wp-content\/uploads\/2020\/05\/ampa5-1-300x180.jpg 300w, https:\/\/apaselda.es\/wp-content\/uploads\/2020\/05\/ampa5-1-768x461.jpg 768w\" sizes=\"(max-width: 767px) 89vw, (max-width: 1000px) 54vw, (max-width: 1071px) 543px, 580px\" \/><\/figure><\/li><li class=\"blocks-gallery-item\"><figure><img loading=\"lazy\" decoding=\"async\" width=\"960\" height=\"720\" src=\"http:\/\/apaselda.es\/wp-content\/uploads\/2020\/05\/ampa4-1-rotated.jpg\" alt=\"\" data-id=\"50\" data-full-url=\"http:\/\/apaselda.es\/wp-content\/uploads\/2020\/05\/ampa4-1-rotated.jpg\" data-link=\"http:\/\/apaselda.es\/?attachment_id=50\" class=\"wp-image-50\" srcset=\"https:\/\/apaselda.es\/wp-content\/uploads\/2020\/05\/ampa4-1-rotated.jpg 960w, https:\/\/apaselda.es\/wp-content\/uploads\/2020\/05\/ampa4-1-300x225.jpg 300w, https:\/\/apaselda.es\/wp-content\/uploads\/2020\/05\/ampa4-1-768x576.jpg 768w\" sizes=\"(max-width: 767px) 89vw, (max-width: 1000px) 54vw, (max-width: 1071px) 543px, 580px\" \/><\/figure><\/li><li class=\"blocks-gallery-item\"><figure><img loading=\"lazy\" decoding=\"async\" width=\"960\" height=\"720\" src=\"http:\/\/apaselda.es\/wp-content\/uploads\/2020\/05\/ampa3-1-rotated.jpg\" alt=\"\" data-id=\"49\" data-full-url=\"http:\/\/apaselda.es\/wp-content\/uploads\/2020\/05\/ampa3-1-rotated.jpg\" data-link=\"http:\/\/apaselda.es\/?attachment_id=49\" class=\"wp-image-49\" srcset=\"https:\/\/apaselda.es\/wp-content\/uploads\/2020\/05\/ampa3-1-rotated.jpg 960w, https:\/\/apaselda.es\/wp-content\/uploads\/2020\/05\/ampa3-1-300x225.jpg 300w, https:\/\/apaselda.es\/wp-content\/uploads\/2020\/05\/ampa3-1-768x576.jpg 768w\" sizes=\"(max-width: 767px) 89vw, (max-width: 1000px) 54vw, (max-width: 1071px) 543px, 580px\" \/><\/figure><\/li><li class=\"blocks-gallery-item\"><figure><img loading=\"lazy\" decoding=\"async\" width=\"960\" height=\"720\" src=\"http:\/\/apaselda.es\/wp-content\/uploads\/2020\/05\/ampa2-1-rotated.jpg\" alt=\"\" data-id=\"48\" data-full-url=\"http:\/\/apaselda.es\/wp-content\/uploads\/2020\/05\/ampa2-1-rotated.jpg\" data-link=\"http:\/\/apaselda.es\/?attachment_id=48\" class=\"wp-image-48\" srcset=\"https:\/\/apaselda.es\/wp-content\/uploads\/2020\/05\/ampa2-1-rotated.jpg 960w, https:\/\/apaselda.es\/wp-content\/uploads\/2020\/05\/ampa2-1-300x225.jpg 300w, https:\/\/apaselda.es\/wp-content\/uploads\/2020\/05\/ampa2-1-768x576.jpg 768w\" sizes=\"(max-width: 767px) 89vw, (max-width: 1000px) 54vw, (max-width: 1071px) 543px, 580px\" \/><\/figure><\/li><li class=\"blocks-gallery-item\"><figure><img loading=\"lazy\" decoding=\"async\" width=\"720\" height=\"960\" src=\"http:\/\/apaselda.es\/wp-content\/uploads\/2020\/05\/ampa1-1.jpg\" alt=\"\" data-id=\"47\" data-full-url=\"http:\/\/apaselda.es\/wp-content\/uploads\/2020\/05\/ampa1-1.jpg\" data-link=\"http:\/\/apaselda.es\/?attachment_id=47\" class=\"wp-image-47\" srcset=\"https:\/\/apaselda.es\/wp-content\/uploads\/2020\/05\/ampa1-1.jpg 720w, https:\/\/apaselda.es\/wp-content\/uploads\/2020\/05\/ampa1-1-225x300.jpg 225w\" sizes=\"(max-width: 720px) 100vw, 720px\" \/><\/figure><\/li><li class=\"blocks-gallery-item\"><figure><img loading=\"lazy\" decoding=\"async\" width=\"584\" height=\"464\" src=\"http:\/\/apaselda.es\/wp-content\/uploads\/2020\/05\/logo_ampa_color.png\" alt=\"\" data-id=\"46\" data-full-url=\"http:\/\/apaselda.es\/wp-content\/uploads\/2020\/05\/logo_ampa_color.png\" data-link=\"http:\/\/apaselda.es\/?attachment_id=46\" class=\"wp-image-46\" srcset=\"https:\/\/apaselda.es\/wp-content\/uploads\/2020\/05\/logo_ampa_color.png 584w, https:\/\/apaselda.es\/wp-content\/uploads\/2020\/05\/logo_ampa_color-300x238.png 300w\" sizes=\"(max-width: 584px) 100vw, 584px\" \/><\/figure><\/li><\/ul><\/figure>\n\n\n\n<p>M\u00e1s info: <a href=\"https:\/\/www.ampamanjonelda.com\/extraescolares\">https:\/\/www.ampamanjonelda.com\/extraescolares<\/a><\/p>\n\n\n\n<p>Servicio matinal (7:45 \u2013 9:00h)<\/p>\n\n\n\n<p><a href=\"https:\/\/www.ampamanjonelda.com\/\">https:\/\/www.ampamanjonelda.com\/<\/a><\/p>\n\n\n\n<p><a href=\"https:\/\/www.facebook.com\/apamanjonelda\/\">https:\/\/www.facebook.com\/apamanjonelda\/<\/a><\/p>\n\n\n\n<p>Correo electr\u00f3nico: <a href=\"mailto:ampamanjonelda@gmail.com\">ampamanjonelda@gmail.com<\/a><\/p>\n\t\t\t\t\t\t\t\t<\/div>\n\t\t\t\t<\/div>\n\t\t\t\t\t<\/div>\n\t\t<\/div>\n\t\t\t\t\t<\/div>\n\t\t<\/section>\n\t\t\t\t<\/div>\n\t\t","protected":false},"excerpt":{"rendered":"<p>Actualmente, y como se\u00f1a de identidad del centro, es el \u00fanico en el la ciudad de Elda que cuenta con dos l\u00edneas que dependen de la lengua extranjera elegida (Ingl\u00e9s\/Franc\u00e9s). Se Imparten los niveles de Ed. Infantil y Ed. Primaria (4 grupos por curso). Adem\u00e1s, contamos con el servicio de Aula Matinal de 7:45 a &hellip; <\/p>\n<p class=\"link-more\"><a href=\"https:\/\/apaselda.es\/?page_id=54\" class=\"more-link\">Continuar leyendo<span class=\"screen-reader-text\"> &#8220;CEIP PADRE  MANJON&#8221;<\/span><\/a><\/p>\n","protected":false},"author":1,"featured_media":0,"parent":0,"menu_order":0,"comment_status":"closed","ping_status":"closed","template":"","meta":{"footnotes":""},"class_list":["post-54","page","type-page","status-publish","hentry"],"_links":{"self":[{"href":"https:\/\/apaselda.es\/index.php?rest_route=\/wp\/v2\/pages\/54","targetHints":{"allow":["GET"]}}],"collection":[{"href":"https:\/\/apaselda.es\/index.php?rest_route=\/wp\/v2\/pages"}],"about":[{"href":"https:\/\/apaselda.es\/index.php?rest_route=\/wp\/v2\/types\/page"}],"author":[{"embeddable":true,"href":"https:\/\/apaselda.es\/index.php?rest_route=\/wp\/v2\/users\/1"}],"replies":[{"embeddable":true,"href":"https:\/\/apaselda.es\/index.php?rest_route=%2Fwp%2Fv2%2Fcomments&post=54"}],"version-history":[{"count":12,"href":"https:\/\/apaselda.es\/index.php?rest_route=\/wp\/v2\/pages\/54\/revisions"}],"predecessor-version":[{"id":659,"href":"https:\/\/apaselda.es\/index.php?rest_route=\/wp\/v2\/pages\/54\/revisions\/659"}],"wp:attachment":[{"href":"https:\/\/apaselda.es\/index.php?rest_route=%2Fwp%2Fv2%2Fmedia&parent=54"}],"curies":[{"name":"wp","href":"https:\/\/api.w.org\/{rel}","templated":true}]}}