{"id":3240,"date":"2023-04-22T16:08:54","date_gmt":"2023-04-22T16:08:54","guid":{"rendered":"https:\/\/apaselda.es\/?page_id=3240"},"modified":"2023-05-02T14:06:59","modified_gmt":"2023-05-02T14:06:59","slug":"elda-contra-el-acoso","status":"publish","type":"page","link":"https:\/\/apaselda.es\/?page_id=3240","title":{"rendered":"ELDA CONTRA EL ACOSO ESCOLAR"},"content":{"rendered":"<div id=\"fb-root\"><\/div>\n\t\t<div data-elementor-type=\"wp-page\" data-elementor-id=\"3240\" class=\"elementor elementor-3240\">\n\t\t\t\t\t\t<section class=\"elementor-section elementor-top-section elementor-element elementor-element-32217f4 elementor-section-boxed elementor-section-height-default elementor-section-height-default\" data-id=\"32217f4\" data-element_type=\"section\" data-e-type=\"section\">\n\t\t\t\t\t\t<div class=\"elementor-container elementor-column-gap-default\">\n\t\t\t\t\t<div class=\"elementor-column elementor-col-100 elementor-top-column elementor-element elementor-element-21621d1\" data-id=\"21621d1\" data-element_type=\"column\" data-e-type=\"column\">\n\t\t\t<div class=\"elementor-widget-wrap elementor-element-populated\">\n\t\t\t\t\t\t<div class=\"elementor-element elementor-element-8bb1166 elementor-widget elementor-widget-image\" data-id=\"8bb1166\" data-element_type=\"widget\" data-e-type=\"widget\" data-widget_type=\"image.default\">\n\t\t\t\t<div class=\"elementor-widget-container\">\n\t\t\t\t\t\t\t\t\t\t\t\t\t\t\t<img fetchpriority=\"high\" decoding=\"async\" width=\"740\" height=\"416\" src=\"https:\/\/apaselda.es\/wp-content\/uploads\/2023\/04\/foto-inaki-1024x576.jpeg\" class=\"attachment-large size-large wp-image-3241\" alt=\"\" srcset=\"https:\/\/apaselda.es\/wp-content\/uploads\/2023\/04\/foto-inaki-1024x576.jpeg 1024w, https:\/\/apaselda.es\/wp-content\/uploads\/2023\/04\/foto-inaki-300x169.jpeg 300w, https:\/\/apaselda.es\/wp-content\/uploads\/2023\/04\/foto-inaki-768x432.jpeg 768w, https:\/\/apaselda.es\/wp-content\/uploads\/2023\/04\/foto-inaki-1536x864.jpeg 1536w, https:\/\/apaselda.es\/wp-content\/uploads\/2023\/04\/foto-inaki.jpeg 1920w\" sizes=\"100vw\" \/>\t\t\t\t\t\t\t\t\t\t\t\t\t\t\t<\/div>\n\t\t\t\t<\/div>\n\t\t\t\t\t<\/div>\n\t\t<\/div>\n\t\t\t\t\t<\/div>\n\t\t<\/section>\n\t\t\t\t<section class=\"elementor-section elementor-top-section elementor-element elementor-element-169a908 elementor-section-boxed elementor-section-height-default elementor-section-height-default\" data-id=\"169a908\" data-element_type=\"section\" data-e-type=\"section\">\n\t\t\t\t\t\t<div class=\"elementor-container elementor-column-gap-default\">\n\t\t\t\t\t<div class=\"elementor-column elementor-col-100 elementor-top-column elementor-element elementor-element-c7676b4\" data-id=\"c7676b4\" data-element_type=\"column\" data-e-type=\"column\">\n\t\t\t<div class=\"elementor-widget-wrap elementor-element-populated\">\n\t\t\t\t\t\t<div class=\"elementor-element elementor-element-4cd6dde elementor-widget elementor-widget-text-editor\" data-id=\"4cd6dde\" data-element_type=\"widget\" data-e-type=\"widget\" data-widget_type=\"text-editor.default\">\n\t\t\t\t<div class=\"elementor-widget-container\">\n\t\t\t\t\t\t\t\t\t<p>La Agrupaci\u00f3n Local de APAS\/AMPAS de Elda ha puesto en marcha una campa\u00f1a contra el acoso escolar con diferentes actividades encaminadas tanto al alumnado como a las propias familias.<br \/>El pr\u00f3ximo 24 de abril por la ma\u00f1ana, I\u00f1aki Zubizarreta, activista, divulgador, conferenciante en la detecci\u00f3n y prevenci\u00f3n del acoso y violencia en las aulas, ex jugador de baloncesto, llega a la localidad para mantener una charla con m\u00e1s de 800 escolares de 6\u00ba primaria y 1\u00ba y 2\u00ba ESO en el Teatro Castelar.<\/p><p>Ser\u00e1 por la tarde cuando se re\u00fana con las familias a las 19.30 y en el Centro C\u00edvico en un acto abierto a toda la ciudadan\u00eda.<\/p>\t\t\t\t\t\t\t\t<\/div>\n\t\t\t\t<\/div>\n\t\t\t\t\t<\/div>\n\t\t<\/div>\n\t\t\t\t\t<\/div>\n\t\t<\/section>\n\t\t\t\t<section class=\"elementor-section elementor-top-section elementor-element elementor-element-87a5ed4 elementor-section-boxed elementor-section-height-default elementor-section-height-default\" data-id=\"87a5ed4\" data-element_type=\"section\" data-e-type=\"section\">\n\t\t\t\t\t\t<div class=\"elementor-container elementor-column-gap-default\">\n\t\t\t\t\t<div class=\"elementor-column elementor-col-100 elementor-top-column elementor-element elementor-element-a5d5c02\" data-id=\"a5d5c02\" data-element_type=\"column\" data-e-type=\"column\">\n\t\t\t<div class=\"elementor-widget-wrap elementor-element-populated\">\n\t\t\t\t\t\t<div class=\"elementor-element elementor-element-cb9d2b4 elementor-widget elementor-widget-video\" data-id=\"cb9d2b4\" data-element_type=\"widget\" data-e-type=\"widget\" data-settings=\"{&quot;youtube_url&quot;:&quot;https:\\\/\\\/youtu.be\\\/fXbdyYHxREg&quot;,&quot;video_type&quot;:&quot;youtube&quot;,&quot;controls&quot;:&quot;yes&quot;}\" data-widget_type=\"video.default\">\n\t\t\t\t<div class=\"elementor-widget-container\">\n\t\t\t\t\t\t\t<div class=\"elementor-wrapper elementor-open-inline\">\n\t\t\t<div class=\"elementor-video\"><\/div>\t\t<\/div>\n\t\t\t\t\t\t<\/div>\n\t\t\t\t<\/div>\n\t\t\t\t\t<\/div>\n\t\t<\/div>\n\t\t\t\t\t<\/div>\n\t\t<\/section>\n\t\t\t\t<section class=\"elementor-section elementor-top-section elementor-element elementor-element-d4d880a elementor-section-boxed elementor-section-height-default elementor-section-height-default\" data-id=\"d4d880a\" data-element_type=\"section\" data-e-type=\"section\">\n\t\t\t\t\t\t<div class=\"elementor-container elementor-column-gap-default\">\n\t\t\t\t\t<div class=\"elementor-column elementor-col-100 elementor-top-column elementor-element elementor-element-42326cb\" data-id=\"42326cb\" data-element_type=\"column\" data-e-type=\"column\">\n\t\t\t<div class=\"elementor-widget-wrap elementor-element-populated\">\n\t\t\t\t\t\t<div class=\"elementor-element elementor-element-b4042db elementor-widget elementor-widget-video\" data-id=\"b4042db\" data-element_type=\"widget\" data-e-type=\"widget\" data-settings=\"{&quot;youtube_url&quot;:&quot;https:\\\/\\\/youtu.be\\\/o43txo6lzB0&quot;,&quot;video_type&quot;:&quot;youtube&quot;,&quot;controls&quot;:&quot;yes&quot;}\" data-widget_type=\"video.default\">\n\t\t\t\t<div class=\"elementor-widget-container\">\n\t\t\t\t\t\t\t<div class=\"elementor-wrapper elementor-open-inline\">\n\t\t\t<div class=\"elementor-video\"><\/div>\t\t<\/div>\n\t\t\t\t\t\t<\/div>\n\t\t\t\t<\/div>\n\t\t\t\t\t<\/div>\n\t\t<\/div>\n\t\t\t\t\t<\/div>\n\t\t<\/section>\n\t\t\t\t<section class=\"elementor-section elementor-top-section elementor-element elementor-element-2257bd1 elementor-section-boxed elementor-section-height-default elementor-section-height-default\" data-id=\"2257bd1\" data-element_type=\"section\" data-e-type=\"section\">\n\t\t\t\t\t\t<div class=\"elementor-container elementor-column-gap-default\">\n\t\t\t\t\t<div class=\"elementor-column elementor-col-100 elementor-top-column elementor-element elementor-element-45279fa\" data-id=\"45279fa\" data-element_type=\"column\" data-e-type=\"column\">\n\t\t\t<div class=\"elementor-widget-wrap elementor-element-populated\">\n\t\t\t\t\t\t<div class=\"elementor-element elementor-element-aca321a elementor-widget elementor-widget-video\" data-id=\"aca321a\" data-element_type=\"widget\" data-e-type=\"widget\" data-settings=\"{&quot;youtube_url&quot;:&quot;https:\\\/\\\/youtu.be\\\/yL50V7UCkXQ&quot;,&quot;video_type&quot;:&quot;youtube&quot;,&quot;controls&quot;:&quot;yes&quot;}\" data-widget_type=\"video.default\">\n\t\t\t\t<div class=\"elementor-widget-container\">\n\t\t\t\t\t\t\t<div class=\"elementor-wrapper elementor-open-inline\">\n\t\t\t<div class=\"elementor-video\"><\/div>\t\t<\/div>\n\t\t\t\t\t\t<\/div>\n\t\t\t\t<\/div>\n\t\t\t\t\t<\/div>\n\t\t<\/div>\n\t\t\t\t\t<\/div>\n\t\t<\/section>\n\t\t\t\t<\/div>\n\t\t","protected":false},"excerpt":{"rendered":"<p>La Agrupaci\u00f3n Local de APAS\/AMPAS de Elda ha puesto en marcha una campa\u00f1a contra el acoso escolar con diferentes actividades encaminadas tanto al alumnado como a las propias familias. El pr\u00f3ximo 24 de abril por la ma\u00f1ana, I\u00f1aki Zubizarreta, activista, divulgador, conferenciante en la detecci\u00f3n y prevenci\u00f3n del acoso y violencia en las aulas, ex &hellip; <\/p>\n<p class=\"link-more\"><a href=\"https:\/\/apaselda.es\/?page_id=3240\" class=\"more-link\">Continuar leyendo<span class=\"screen-reader-text\"> &#8220;ELDA CONTRA EL ACOSO ESCOLAR&#8221;<\/span><\/a><\/p>\n","protected":false},"author":1,"featured_media":0,"parent":0,"menu_order":0,"comment_status":"closed","ping_status":"closed","template":"","meta":{"footnotes":""},"class_list":["post-3240","page","type-page","status-publish","hentry"],"_links":{"self":[{"href":"https:\/\/apaselda.es\/index.php?rest_route=\/wp\/v2\/pages\/3240","targetHints":{"allow":["GET"]}}],"collection":[{"href":"https:\/\/apaselda.es\/index.php?rest_route=\/wp\/v2\/pages"}],"about":[{"href":"https:\/\/apaselda.es\/index.php?rest_route=\/wp\/v2\/types\/page"}],"author":[{"embeddable":true,"href":"https:\/\/apaselda.es\/index.php?rest_route=\/wp\/v2\/users\/1"}],"replies":[{"embeddable":true,"href":"https:\/\/apaselda.es\/index.php?rest_route=%2Fwp%2Fv2%2Fcomments&post=3240"}],"version-history":[{"count":7,"href":"https:\/\/apaselda.es\/index.php?rest_route=\/wp\/v2\/pages\/3240\/revisions"}],"predecessor-version":[{"id":3277,"href":"https:\/\/apaselda.es\/index.php?rest_route=\/wp\/v2\/pages\/3240\/revisions\/3277"}],"wp:attachment":[{"href":"https:\/\/apaselda.es\/index.php?rest_route=%2Fwp%2Fv2%2Fmedia&parent=3240"}],"curies":[{"name":"wp","href":"https:\/\/api.w.org\/{rel}","templated":true}]}}