{"id":220,"date":"2020-05-11T21:05:49","date_gmt":"2020-05-11T21:05:49","guid":{"rendered":"http:\/\/apaselda.es\/?page_id=220"},"modified":"2023-04-25T20:05:20","modified_gmt":"2023-04-25T20:05:20","slug":"cifp-valle-de-elda","status":"publish","type":"page","link":"https:\/\/apaselda.es\/?page_id=220","title":{"rendered":"CIFP VALLE DE ELDA"},"content":{"rendered":"<div id=\"fb-root\"><\/div>\n\t\t<div data-elementor-type=\"wp-page\" data-elementor-id=\"220\" class=\"elementor elementor-220\">\n\t\t\t\t\t\t<section class=\"elementor-section elementor-top-section elementor-element elementor-element-76e45f1b elementor-section-boxed elementor-section-height-default elementor-section-height-default\" data-id=\"76e45f1b\" data-element_type=\"section\" data-e-type=\"section\">\n\t\t\t\t\t\t<div class=\"elementor-container elementor-column-gap-default\">\n\t\t\t\t\t<div class=\"elementor-column elementor-col-100 elementor-top-column elementor-element elementor-element-307c547c\" data-id=\"307c547c\" data-element_type=\"column\" data-e-type=\"column\">\n\t\t\t<div class=\"elementor-widget-wrap elementor-element-populated\">\n\t\t\t\t\t\t<div class=\"elementor-element elementor-element-32d35b90 elementor-widget elementor-widget-text-editor\" data-id=\"32d35b90\" data-element_type=\"widget\" data-e-type=\"widget\" data-widget_type=\"text-editor.default\">\n\t\t\t\t<div class=\"elementor-widget-container\">\n\t\t\t\t\t\t\t\t\t<p><\/p>\n<p class=\"MsoNormal\"><span lang=\"es\">CIPFP Valle de Elda<\/span><\/p>\n<p class=\"MsoNormal\"><span lang=\"es\">\u00a0<a href=\"https:\/\/youtu.be\/2D6jyW1v5HQ\">VIDEO DE PRESENTACI\u00d3N DEL INSTITUTO<\/a><\/span><\/p>\n<p>\u00a0<\/p>\n<p class=\"MsoNormal\"><span lang=\"es\">\u00a0<\/span><\/p>\n<p class=\"MsoNormal\"><span lang=\"es\">\u00a0<\/span><\/p>\n<p class=\"MsoNormal\"><span lang=\"es\">\u2013 Nombre: Centro Integrado P\u00fablico de<br \/>Formaci\u00f3n Profesional Valle de Elda<\/span><\/p>\n<p class=\"MsoNormal\"><span lang=\"es\">\u00a0<\/span><\/p>\n<p class=\"MsoNormal\"><span lang=\"es\">Carretera de Sax, 37, 03600 Elda<\/span><\/p>\n<p class=\"MsoNormal\"><span lang=\"es\">\u00a0<\/span><\/p>\n<p class=\"MsoNormal\"><span lang=\"es\">Telf.: 966 95 73 30<\/span><\/p>\n<p class=\"MsoNormal\"><span lang=\"es\">\u00a0<\/span><\/p>\n<p class=\"MsoNormal\"><span lang=\"es\">e-mail: 030148122@edu.gva.es<\/span><\/p>\n<p class=\"MsoNormal\"><span lang=\"es\">\u00a0<\/span><\/p>\n<p class=\"MsoNormal\"><span lang=\"es\">\u00a0<\/span><\/p>\n<p class=\"MsoNormal\"><span lang=\"es\">\u00a0<\/span><\/p>\n<p class=\"MsoNormal\"><span lang=\"es\"><a href=\"https:\/\/youtu.be\/2D6jyW1v5HQ\"><b><span style=\"color: #1155cc;\">V\u00cdDEO DE<br \/><\/span><\/b><\/a><\/span><\/p>\n<p class=\"MsoNormal\"><span lang=\"es\"><a style=\"font-family: var( --e-global-typography-text-font-family ), Sans-serif; font-weight: var( --e-global-typography-text-font-weight ); background-color: #ffffff; font-size: 1rem;\" href=\"https:\/\/youtu.be\/2D6jyW1v5HQ\" target=\"_blank\" rel=\"noopener\">PRESENTACI\u00d3N DEL INSTITUTO<\/a>\u00a0<\/span><\/p>\n<p class=\"MsoNormal\"><span lang=\"es\">\u00a0<\/span><\/p>\n<p class=\"MsoNormal\"><span lang=\"es\">\u00a0<\/span><\/p>\n<p class=\"MsoNormal\"><span lang=\"es\">Horario de apertura de oficinas: de 9:00 a<br \/>14:00 y lunes y jueves de 16 a 18h<\/span><\/p>\n<p class=\"MsoNormal\"><span lang=\"es\">\u00a0<\/span><\/p>\n<p class=\"MsoNormal\"><span lang=\"es\">\u2013 Web del centro: www.cipfpvalledeelda.com<\/span><\/p>\n<p class=\"MsoNormal\"><span lang=\"es\">\u00a0<\/span><\/p>\n<p class=\"MsoNormal\"><span lang=\"es\">\u2013<br \/>Instagram:https:\/\/www.instagram.com\/cipfp_valle_de_elda<\/span><\/p>\n<p class=\"MsoNormal\"><span lang=\"es\">\u00a0<\/span><\/p>\n<p class=\"MsoNormal\"><span lang=\"EN-US\">\u2013 Facebook:<br \/>https:\/\/www.facebook.com\/cipfpvalledeelda<\/span><\/p>\n<p class=\"MsoNormal\"><span lang=\"EN-US\">\u00a0<\/span><\/p>\n<p class=\"MsoNormal\"><span lang=\"es\">\u2013 Twitter: @cipfpvalledelda<\/span><\/p>\n<p class=\"MsoNormal\"><span lang=\"es\">\u00a0<\/span><\/p>\n<p class=\"MsoNormal\"><span lang=\"es\">\u00a0<\/span><\/p>\n<p class=\"MsoNormal\"><span lang=\"es\">Ciclos de Formaci\u00f3n Profesional:<\/span><\/p>\n<p class=\"MsoNormal\"><span lang=\"es\">\u00a0<\/span><\/p>\n<p class=\"MsoNormal\"><b>Familia<br \/>Profesional de Comercio y Marketing<\/b><\/p>\n<p class=\"MsoNormal\"><span lang=\"es\">GB Servicios Comerciales<\/span><\/p>\n<p class=\"MsoNormal\"><span lang=\"es\">T\u00e9cnico\/a en Actividades Comerciales.<\/span><\/p>\n<p class=\"MsoNormal\"><span lang=\"es\">T\u00e9cnico\/a en Comercializaci\u00f3n de productos<br \/>alimentarios.<\/span><\/p>\n<p class=\"MsoNormal\"><span lang=\"es\">T\u00e9cnico\/a Superior en Comercio Internacional<\/span><\/p>\n<p class=\"MsoNormal\"><span lang=\"es\">T\u00e9cnico\/a Superior en Marketing y Publicidad<br \/>(mod presencial y semipresencial)<\/span><\/p>\n<p class=\"MsoNormal\"><span lang=\"es\">T\u00e9cnico\/a Superior en Transporte y Log\u00edstica.<\/span><\/p>\n<p class=\"MsoNormal\"><span lang=\"es\"><br \/><b>Familia Profesional de Hosteler\u00eda y<br \/>Turismo<\/b><\/span><\/p>\n<p class=\"MsoNormal\"><span lang=\"es\">PFCB Operaciones b\u00e1sicas de Cocina.<\/span><\/p>\n<p class=\"MsoNormal\"><span lang=\"es\">GB de Cocina y Restauraci\u00f3n.<\/span><\/p>\n<p class=\"MsoNormal\"><span lang=\"es\">T\u00e9cnico\/a en Cocina y Gastronom\u00eda.<\/span><\/p>\n<p class=\"MsoNormal\"><span lang=\"es\">T\u00e9cnico\/a en Servicios de\u00a0 Restauraci\u00f3n.<\/span><\/p>\n<p class=\"MsoNormal\"><span lang=\"es\">T\u00e9cnico\/a Superior en Direcci\u00f3n de Cocina.<\/span><\/p>\n<p class=\"MsoNormal\"><span lang=\"es\">T\u00e9cnico\/a Superior de Gu\u00eda, Informaci\u00f3n y<br \/>Asistencia Tur\u00edstica<\/span><\/p>\n<p class=\"MsoNormal\"><span lang=\"es\">Curso especializaci\u00f3n en Panader\u00eda y Boller\u00eda<br \/>Artesanales.<\/span><\/p>\n<p class=\"MsoNormal\"><b>\u00a0<\/b><\/p>\n<p class=\"MsoNormal\"><b>Familia<br \/>Profesional de Industrias Alimentarias<\/b><\/p>\n<p class=\"MsoNormal\"><span lang=\"es\">GB de Industrias Alimentarias.<\/span><\/p>\n<p class=\"MsoNormal\"><span lang=\"es\">T\u00e9cnico\/a en Elaboraci\u00f3n de Productos<br \/>Alimenticios.<\/span><\/p>\n<p class=\"MsoNormal\"><span lang=\"es\">T\u00e9cnico\/a\u00a0<br \/>en Panader\u00eda, Reposter\u00eda y Confiter\u00eda.<\/span><\/p>\n<p class=\"MsoNormal\"><span lang=\"es\">T\u00e9cnico\/a Superior en Vitivinicultura<\/span><\/p>\n<p class=\"MsoNormal\"><b>\u00a0<\/b><\/p>\n<p class=\"MsoNormal\"><b>Familia<br \/>Profesional de Inform\u00e1tica y Comunicaciones.<\/b><\/p>\n<p class=\"MsoNormal\"><span lang=\"es\">GB en Inform\u00e1tica y Comunicaciones.<\/span><\/p>\n<p class=\"MsoNormal\"><span lang=\"es\">T\u00e9cnico\/a en Sistemas Microinform\u00e1ticos y<br \/>Redes.<\/span><\/p>\n<p class=\"MsoNormal\"><b>\u00a0<\/b><\/p>\n<p class=\"MsoNormal\"><b>Familia<br \/>Profesional de Seguridad y Medioambiente<\/b><\/p>\n<p class=\"MsoNormal\"><span lang=\"es\">T\u00e9cnico\/a en Emergencias y Protecci\u00f3n Civil<\/span><\/p>\n<p class=\"MsoNormal\"><span lang=\"es\">T\u00e9cnico\/a Superior en Coordinaci\u00f3n de<br \/>Emergencias y Protecci\u00f3n Civil.<\/span><\/p>\n<p class=\"MsoNormal\"><span lang=\"es\">\u00a0<\/span><\/p>\n<p class=\"MsoNormal\"><b>Familia<br \/>Profesional de Servicios Socioculturales y a la Comunidad<\/b><\/p>\n<p class=\"MsoNormal\"><span lang=\"es\">T\u00e9cnico\/a en Atenci\u00f3n a Personas en Situaci\u00f3n<br \/>de Dependencia. (presencial y Semi)<\/span><\/p>\n<p class=\"MsoNormal\"><span lang=\"es\">T\u00e9cnico\/a superior en Educaci\u00f3n Infantil.<\/span><\/p>\n<p class=\"MsoNormal\"><span lang=\"es\">T\u00e9cnico\/a superior en Animaci\u00f3n Sociocultural<br \/>y Tur\u00edstica.<\/span><\/p>\n<p class=\"MsoNormal\"><span lang=\"es\">T\u00e9cnico\/a superior en Formaci\u00f3n para la<br \/>Movilidad Segura y Sostenible<\/span><\/p>\n<p class=\"MsoNormal\"><span lang=\"es\">T\u00e9cnico\/a superior en Integraci\u00f3n Social.<\/span><\/p>\n<p class=\"MsoNormal\"><span lang=\"es\">T\u00e9cnico\/a superior en Promoci\u00f3n de Igualdad de<br \/>G\u00e9nero.<\/span><\/p>\n<p class=\"MsoNormal\"><span lang=\"es\">\u00a0<\/span><\/p>\n<p class=\"MsoNormal\"><span lang=\"es\">\u00a0<\/span><\/p>\n<p class=\"MsoNormal\"><span lang=\"es\">\u2013 <b>Instituto<br \/>de excelencia en FP de la familia de Industrias Alimentarias<\/b><\/span><\/p>\n<p class=\"MsoNormal\"><span lang=\"es\">\u00a0<\/span><\/p>\n<p class=\"MsoNormal\"><span lang=\"es\">\u2013 Programa de internacionalizaci\u00f3n <b>Erasmus+<\/b> para alumnado y profesorado de<br \/>Grado B\u00e1sico, Medio y Superior<\/span><\/p>\n<p class=\"MsoNormal\"><span lang=\"es\">\u00a0<\/span><\/p>\n<p class=\"MsoNormal\"><span lang=\"es\">\u2013 Programa de aseguramiento de la Calidad <b>Qualitas<\/b> en ISO9001<\/span><\/p>\n<p class=\"MsoNormal\"><span lang=\"es\">\u00a0<\/span><\/p>\n<p class=\"MsoNormal\"><span lang=\"es\">\u2013 Programa de Acreditaci\u00f3n de Competencias<br \/>Profesionales <b>Acredita<\/b> en las<br \/>familias profesionales de Hosteler\u00eda y Turismo, Industrias Alimentarias,<br \/>Seguridad y Medioambiente y Servicios Socioculturales y a la Comunidad.<\/span><\/p>\n<p class=\"MsoNormal\"><span lang=\"es\">\u00a0<\/span><\/p>\n<p class=\"MsoNormal\"><span lang=\"es\">\u2013 Programa de Innovaci\u00f3n Tecnol\u00f3gica<b> Innovatec, <\/b>con aula ATECA disponible.<\/span><\/p>\n<p class=\"MsoNormal\"><span lang=\"es\">\u00a0<\/span><\/p>\n<p class=\"MsoNormal\"><span lang=\"es\">\u2013 Programa de Emprendimiento <b>Empr\u00e9n, <\/b>con aula Empr\u00e9n.<\/span><\/p>\n<p class=\"MsoNormal\"><span lang=\"es\">\u00a0<\/span><\/p>\n<p class=\"MsoNormal\"><span lang=\"es\">\u2013 Programa Coeducacentres \/ Igualdad y<br \/>Convivencia.<\/span><\/p>\n<p class=\"MsoNormal\"><span lang=\"es\">\u00a0<\/span><\/p>\n<p class=\"MsoNormal\"><span lang=\"es\">\u2013 Programa pluriling\u00fce en Ciclos formativos<\/span><\/p>\n<p class=\"MsoNormal\"><span lang=\"es\">\u00a0<\/span><\/p>\n<p class=\"MsoNormal\"><span lang=\"es\">\u00a0Fecha<br \/>de constituci\u00f3n: 1999<\/span><\/p>\n<p class=\"MsoNormal\"><span lang=\"es\">\u00a0<\/span><\/p>\n<p class=\"MsoNormal\"><span lang=\"es\">\u2013 Situaci\u00f3n geogr\u00e1fica: En la rotonda bajo del<br \/>Hospital Universitario de Elda.<\/span><\/p>\n<p class=\"MsoNormal\"><span lang=\"es\">\u00a0<\/span><\/p>\n<p class=\"MsoNormal\"><span lang=\"es\">\u2013 Profesorado:116 profesores\/as<\/span><\/p>\n<p class=\"MsoNormal\"><span lang=\"es\">\u00a0<\/span><\/p>\n<p class=\"MsoNormal\"><span lang=\"es\">\u2013 N\u00famero de alumnado: 1036<\/span><\/p>\n<p class=\"MsoNormal\"><span lang=\"es\">\u00a0<\/span><\/p>\n<p class=\"MsoNormal\"><span lang=\"es\">\u2013 Instalaciones:<\/span><\/p>\n<p class=\"MsoNormal\"><span lang=\"es\">\u00a0<\/span><\/p>\n<p class=\"MsoNormal\"><span lang=\"es\">Las instalaciones han sido renovadas\u00a0 para adecuarlas a nuestra oferta formativa<br \/>contando todas las aulas con acceso a internet wifi y pantallas digitales<br \/>interactivas (PDIs):<\/span><\/p>\n<p class=\"MsoNormal\"><span lang=\"es\">\u00a0<\/span><\/p>\n<p class=\"MsoNormal\"><span lang=\"es\">Adem\u00e1s de aulas ordinarias disponemos de:<\/span><\/p>\n<p class=\"MsoNormal\"><span lang=\"es\">\u00a0<\/span><\/p>\n<p class=\"MsoNormal\" style=\"margin-left: 36.0pt; text-indent: -18.0pt; mso-list: l0 level1 lfo1;\"><!-- [if !supportLists]--><span lang=\"es\">\u25cf<span style=\"font-variant-numeric: normal; font-variant-east-asian: normal; font-variant-alternates: normal; font-kerning: auto; font-optical-sizing: auto; font-feature-settings: normal; font-variation-settings: normal; font-stretch: normal; font-size: 7pt; line-height: normal; font-family: 'Times New Roman';\">\u00a0\u00a0\u00a0\u00a0<br \/><\/span><\/span><!--[endif]--><span lang=\"es\">Aula Ateca<\/span><\/p>\n<p class=\"MsoNormal\" style=\"margin-left: 36.0pt; text-indent: -18.0pt; mso-list: l0 level1 lfo1;\"><!-- [if !supportLists]--><span lang=\"es\">\u25cf<span style=\"font-variant-numeric: normal; font-variant-east-asian: normal; font-variant-alternates: normal; font-kerning: auto; font-optical-sizing: auto; font-feature-settings: normal; font-variation-settings: normal; font-stretch: normal; font-size: 7pt; line-height: normal; font-family: 'Times New Roman';\">\u00a0\u00a0\u00a0\u00a0<br \/><\/span><\/span><!--[endif]--><span lang=\"es\">Aula Empren<\/span><\/p>\n<p class=\"MsoNormal\" style=\"margin-left: 36.0pt; text-indent: -18.0pt; mso-list: l0 level1 lfo1;\"><!-- [if !supportLists]--><span lang=\"es\">\u25cf<span style=\"font-variant-numeric: normal; font-variant-east-asian: normal; font-variant-alternates: normal; font-kerning: auto; font-optical-sizing: auto; font-feature-settings: normal; font-variation-settings: normal; font-stretch: normal; font-size: 7pt; line-height: normal; font-family: 'Times New Roman';\">\u00a0\u00a0\u00a0\u00a0<br \/><\/span><\/span><!--[endif]--><span lang=\"es\">Aula del futuro para Servcios<br \/>Socioculturales y a la Comunidad.<\/span><\/p>\n<p class=\"MsoNormal\" style=\"margin-left: 36.0pt; text-indent: -18.0pt; mso-list: l0 level1 lfo1;\"><!-- [if !supportLists]--><span lang=\"es\">\u25cf<span style=\"font-variant-numeric: normal; font-variant-east-asian: normal; font-variant-alternates: normal; font-kerning: auto; font-optical-sizing: auto; font-feature-settings: normal; font-variation-settings: normal; font-stretch: normal; font-size: 7pt; line-height: normal; font-family: 'Times New Roman';\">\u00a0\u00a0\u00a0\u00a0<br \/><\/span><\/span><!--[endif]--><span lang=\"es\">Obrador de Panader\u00eda, confiter\u00eda y<br \/>reposter\u00eda<\/span><\/p>\n<p class=\"MsoNormal\" style=\"margin-left: 36.0pt; text-indent: -18.0pt; mso-list: l0 level1 lfo1;\"><!-- [if !supportLists]--><span lang=\"es\">\u25cf<span style=\"font-variant-numeric: normal; font-variant-east-asian: normal; font-variant-alternates: normal; font-kerning: auto; font-optical-sizing: auto; font-feature-settings: normal; font-variation-settings: normal; font-stretch: normal; font-size: 7pt; line-height: normal; font-family: 'Times New Roman';\">\u00a0\u00a0\u00a0\u00a0<br \/><\/span><\/span><!--[endif]--><span lang=\"es\">Taller de Industrias alimentarias<\/span><\/p>\n<p class=\"MsoNormal\" style=\"margin-left: 36.0pt; text-indent: -18.0pt; mso-list: l0 level1 lfo1;\"><!-- [if !supportLists]--><span lang=\"es\">\u25cf<span style=\"font-variant-numeric: normal; font-variant-east-asian: normal; font-variant-alternates: normal; font-kerning: auto; font-optical-sizing: auto; font-feature-settings: normal; font-variation-settings: normal; font-stretch: normal; font-size: 7pt; line-height: normal; font-family: 'Times New Roman';\">\u00a0\u00a0\u00a0\u00a0<br \/><\/span><\/span><!--[endif]--><span lang=\"es\">Aula de cata<\/span><\/p>\n<p class=\"MsoNormal\" style=\"margin-left: 36.0pt; text-indent: -18.0pt; mso-list: l0 level1 lfo1;\"><!-- [if !supportLists]--><span lang=\"es\">\u25cf<span style=\"font-variant-numeric: normal; font-variant-east-asian: normal; font-variant-alternates: normal; font-kerning: auto; font-optical-sizing: auto; font-feature-settings: normal; font-variation-settings: normal; font-stretch: normal; font-size: 7pt; line-height: normal; font-family: 'Times New Roman';\">\u00a0\u00a0\u00a0\u00a0<br \/><\/span><\/span><!--[endif]--><span lang=\"es\">Laboratorio de enolog\u00eda<\/span><\/p>\n<p class=\"MsoNormal\" style=\"margin-left: 36.0pt; text-indent: -18.0pt; mso-list: l0 level1 lfo1;\"><!-- [if !supportLists]--><span lang=\"es\">\u25cf<span style=\"font-variant-numeric: normal; font-variant-east-asian: normal; font-variant-alternates: normal; font-kerning: auto; font-optical-sizing: auto; font-feature-settings: normal; font-variation-settings: normal; font-stretch: normal; font-size: 7pt; line-height: normal; font-family: 'Times New Roman';\">\u00a0\u00a0\u00a0\u00a0<br \/><\/span><\/span><!--[endif]--><span lang=\"es\">Taller de crianza<\/span><\/p>\n<p class=\"MsoNormal\" style=\"margin-left: 36.0pt; text-indent: -18.0pt; mso-list: l0 level1 lfo1;\"><!-- [if !supportLists]--><span lang=\"es\">\u25cf<span style=\"font-variant-numeric: normal; font-variant-east-asian: normal; font-variant-alternates: normal; font-kerning: auto; font-optical-sizing: auto; font-feature-settings: normal; font-variation-settings: normal; font-stretch: normal; font-size: 7pt; line-height: normal; font-family: 'Times New Roman';\">\u00a0\u00a0\u00a0\u00a0<br \/><\/span><\/span><!--[endif]--><span lang=\"es\">Gastroaula<\/span><\/p>\n<p class=\"MsoNormal\" style=\"margin-left: 36.0pt; text-indent: -18.0pt; mso-list: l0 level1 lfo1;\"><!-- [if !supportLists]--><span lang=\"es\">\u25cf<span style=\"font-variant-numeric: normal; font-variant-east-asian: normal; font-variant-alternates: normal; font-kerning: auto; font-optical-sizing: auto; font-feature-settings: normal; font-variation-settings: normal; font-stretch: normal; font-size: 7pt; line-height: normal; font-family: 'Times New Roman';\">\u00a0\u00a0\u00a0\u00a0<br \/><\/span><\/span><!--[endif]--><span lang=\"es\">Cocinas<\/span><\/p>\n<p class=\"MsoNormal\" style=\"margin-left: 36.0pt; text-indent: -18.0pt; mso-list: l0 level1 lfo1;\"><!-- [if !supportLists]--><span lang=\"es\">\u25cf<span style=\"font-variant-numeric: normal; font-variant-east-asian: normal; font-variant-alternates: normal; font-kerning: auto; font-optical-sizing: auto; font-feature-settings: normal; font-variation-settings: normal; font-stretch: normal; font-size: 7pt; line-height: normal; font-family: 'Times New Roman';\">\u00a0\u00a0\u00a0\u00a0<br \/><\/span><\/span><!--[endif]--><span lang=\"es\">Aula hogar<\/span><\/p>\n<p class=\"MsoNormal\" style=\"margin-left: 36.0pt; text-indent: -18.0pt; mso-list: l0 level1 lfo1;\"><!-- [if !supportLists]--><span lang=\"es\">\u25cf<span style=\"font-variant-numeric: normal; font-variant-east-asian: normal; font-variant-alternates: normal; font-kerning: auto; font-optical-sizing: auto; font-feature-settings: normal; font-variation-settings: normal; font-stretch: normal; font-size: 7pt; line-height: normal; font-family: 'Times New Roman';\">\u00a0\u00a0\u00a0\u00a0<br \/><\/span><\/span><!--[endif]--><span lang=\"es\">Taller sanitario<\/span><\/p>\n<p class=\"MsoNormal\" style=\"margin-left: 36.0pt; text-indent: -18.0pt; mso-list: l0 level1 lfo1;\"><!-- [if !supportLists]--><span lang=\"es\">\u25cf<span style=\"font-variant-numeric: normal; font-variant-east-asian: normal; font-variant-alternates: normal; font-kerning: auto; font-optical-sizing: auto; font-feature-settings: normal; font-variation-settings: normal; font-stretch: normal; font-size: 7pt; line-height: normal; font-family: 'Times New Roman';\">\u00a0\u00a0\u00a0\u00a0<br \/><\/span><\/span><!--[endif]--><span lang=\"es\">Laboratorio de inform\u00e1tica<\/span><\/p>\n<p class=\"MsoNormal\" style=\"margin-left: 36.0pt; text-indent: -18.0pt; mso-list: l0 level1 lfo1;\"><!-- [if !supportLists]--><span lang=\"es\">\u25cf<span style=\"font-variant-numeric: normal; font-variant-east-asian: normal; font-variant-alternates: normal; font-kerning: auto; font-optical-sizing: auto; font-feature-settings: normal; font-variation-settings: normal; font-stretch: normal; font-size: 7pt; line-height: normal; font-family: 'Times New Roman';\">\u00a0\u00a0\u00a0\u00a0<br \/><\/span><\/span><!--[endif]--><span lang=\"es\">6 aulas de inform\u00e1tica<\/span><\/p>\n<p class=\"MsoNormal\" style=\"margin-left: 36.0pt; text-indent: -18.0pt; mso-list: l0 level1 lfo1;\"><!-- [if !supportLists]--><span lang=\"es\">\u25cf<span style=\"font-variant-numeric: normal; font-variant-east-asian: normal; font-variant-alternates: normal; font-kerning: auto; font-optical-sizing: auto; font-feature-settings: normal; font-variation-settings: normal; font-stretch: normal; font-size: 7pt; line-height: normal; font-family: 'Times New Roman';\">\u00a0\u00a0\u00a0\u00a0<br \/><\/span><\/span><!--[endif]--><span lang=\"es\">Aula de la naturaleza<\/span><\/p>\n<p class=\"MsoNormal\" style=\"margin-left: 36.0pt; text-indent: -18.0pt; mso-list: l0 level1 lfo1;\"><!-- [if !supportLists]--><span lang=\"es\">\u25cf<span style=\"font-variant-numeric: normal; font-variant-east-asian: normal; font-variant-alternates: normal; font-kerning: auto; font-optical-sizing: auto; font-feature-settings: normal; font-variation-settings: normal; font-stretch: normal; font-size: 7pt; line-height: normal; font-family: 'Times New Roman';\">\u00a0\u00a0\u00a0\u00a0<br \/><\/span><\/span><!--[endif]--><span lang=\"es\">Zona de vi\u00f1edos<\/span><\/p>\n<p class=\"MsoNormal\" style=\"margin-left: 36.0pt; text-indent: -18.0pt; mso-list: l0 level1 lfo1;\"><!-- [if !supportLists]--><span lang=\"es\">\u25cf<span style=\"font-variant-numeric: normal; font-variant-east-asian: normal; font-variant-alternates: normal; font-kerning: auto; font-optical-sizing: auto; font-feature-settings: normal; font-variation-settings: normal; font-stretch: normal; font-size: 7pt; line-height: normal; font-family: 'Times New Roman';\">\u00a0\u00a0\u00a0\u00a0<br \/><\/span><\/span><!--[endif]--><span lang=\"es\">Biblioteca<\/span><\/p>\n<p class=\"MsoNormal\" style=\"margin-left: 36.0pt; text-indent: -18.0pt; mso-list: l0 level1 lfo1;\"><!-- [if !supportLists]--><span lang=\"es\">\u25cf<span style=\"font-variant-numeric: normal; font-variant-east-asian: normal; font-variant-alternates: normal; font-kerning: auto; font-optical-sizing: auto; font-feature-settings: normal; font-variation-settings: normal; font-stretch: normal; font-size: 7pt; line-height: normal; font-family: 'Times New Roman';\">\u00a0\u00a0\u00a0\u00a0<br \/><\/span><\/span><!--[endif]--><span lang=\"es\">Cantina<\/span><\/p>\n<p class=\"MsoNormal\"><span lang=\"es\">\u00a0<\/span><\/p>\n<p class=\"MsoNormal\"><span lang=\"es\">\u00a0<\/span><\/p>\n<p class=\"MsoNormal\"><span lang=\"es\">\u00a0<\/span><\/p>\n<p class=\"MsoNormal\"><span lang=\"es\">Pol\u00edtica de Calidad del centro<\/span><\/p>\n<p class=\"MsoNormal\"><span lang=\"es\">\u00a0<\/span><\/p>\n<p class=\"MsoNormal\" style=\"margin-bottom: 11pt; background-image: initial; background-position: initial; background-size: initial; background-repeat: initial; background-attachment: initial; background-origin: initial; background-clip: initial;\"><b><span lang=\"es\" style=\"font-size: 12.0pt; line-height: 115%; font-family: Montserrat; mso-fareast-font-family: Montserrat; mso-bidi-font-family: Montserrat; color: #333333;\">La Pol\u00edtica de Calidad se fundamenta<br \/>en el compromiso adquirido por el CIPFP Valle de Elda de desarrollar un sistema<br \/>de gesti\u00f3n de la calidad que garantice la calidad de los servicios educativos<br \/>por la ense\u00f1anza reglada de Formaci\u00f3n Profesional de grado b\u00e1sico, medio y<br \/>superior a las familias profesionales de: Comercio y Marketing, Hosteler\u00eda y<br \/>Turismo, Industrias Alimentarias, Inform\u00e1tica y Comunicaciones, Seguridad y<br \/>medioambiente y Servicios Socioculturales y a la Comunidad, con la misi\u00f3n y<br \/>clara voluntad de servicio a la sociedad comprometido con su entorno<br \/>productivo.<br \/>Es por eso que, apoy\u00e1ndose en sus valores, trabaja para mantener un servicio de<br \/>calidad basado en los principios recogidos en su POL\u00cdTICA DE CALIDAD.<br \/><br \/>MISI\u00d3N<br \/><\/span><\/b><span lang=\"es\" style=\"font-size: 12.0pt; line-height: 115%; font-family: Montserrat; mso-fareast-font-family: Montserrat; mso-bidi-font-family: Montserrat; color: #333333;\">Impartir una ense\u00f1anza de calidad basada en la mejora continua,<br \/>ofreciendo un servicio educativo que abierto a las innovaciones y a los<br \/>requerimientos del mundo laboral para colaborar en conseguir la cualificaci\u00f3n<br \/>de las personas a lo largo de la vida, mediante el establecimiento de una<br \/>oferta de formaci\u00f3n profesional modular, flexible, adaptada a las demandas de<br \/>la poblaci\u00f3n y a las necesidades generadas por el sistema productivo y que<br \/>tenga en cuenta las peculiaridades individuales de su alumnado, ofreci\u00e9ndole<br \/>una formaci\u00f3n personalizada que propicie una educaci\u00f3n integral en<br \/>conocimientos, competencias profesionales y valores \u00e9ticos que le permitan su<br \/>incorporaci\u00f3n al mundo laboral o a estudios posteriores con normalidad.<\/span><\/p>\n<p class=\"MsoNormal\" style=\"margin-bottom: 11pt; background-image: initial; background-position: initial; background-size: initial; background-repeat: initial; background-attachment: initial; background-origin: initial; background-clip: initial;\"><b><span lang=\"es\" style=\"font-size: 12.0pt; line-height: 115%; font-family: Montserrat; mso-fareast-font-family: Montserrat; mso-bidi-font-family: Montserrat; color: #333333;\">VISI\u00d3N<br \/><\/span><\/b><span lang=\"es\" style=\"font-size: 12.0pt; line-height: 115%; font-family: Montserrat; mso-fareast-font-family: Montserrat; mso-bidi-font-family: Montserrat; color: #333333;\">Ser un Centro de referencia en la Formaci\u00f3n Profesional en la<br \/>Comunidad Valenciana que d\u00e9 respuesta adecuada a las necesidades formativas de<br \/>su alumnado y al entorno productivo con el fin de obtener un alto grado de<br \/>\u00e9xito profesional, de acuerdo con sus capacidades individuales.<br \/>Ser un centro que aplica de manera sistem\u00e1tica la gesti\u00f3n de calidad, la<br \/>innovaci\u00f3n educativa y el uso de las nuevas tecnolog\u00edas, siempre cuidando el<br \/>respeto al medioambiente<br \/>Un centro que se caracterice por un clima de convivencia basado en el respeto<br \/>mutuo que permita un ambiente de trabajo adecuado y fomente la participaci\u00f3n de<br \/>todos sus miembros tanto en la vida escolar como en su organizaci\u00f3n y gesti\u00f3n.<br \/>Un centro que facilite cauces que permitan desarrollar valores humanos<br \/>adecuados a las necesidades de nuestra sociedad.<br \/>Un CIPFP con esp\u00edritu de servicio a la Comunidad, vinculado a su entorno y<br \/>comprometido con \u00e9l, que fomente las relaciones con otras entidades.<br \/>Llegar a ser, en fin, una Comunidad Educativa de referencia en la que el<br \/>profesorado, familias, alumnado y personal de administraci\u00f3n y servicios nos sintamos<br \/>satisfechos con el trabajo que realizamos porque cubrimos todas nuestras<br \/>aspiraciones y necesidades.<\/span><\/p>\n<p class=\"MsoNormal\" style=\"margin-bottom: 11pt; background-image: initial; background-position: initial; background-size: initial; background-repeat: initial; background-attachment: initial; background-origin: initial; background-clip: initial;\"><b><span lang=\"es\" style=\"font-size: 12.0pt; line-height: 115%; font-family: Montserrat; mso-fareast-font-family: Montserrat; mso-bidi-font-family: Montserrat; color: #333333;\">VALORES<br \/><\/span><\/b><span lang=\"es\" style=\"font-size: 12.0pt; line-height: 115%; font-family: Montserrat; mso-fareast-font-family: Montserrat; mso-bidi-font-family: Montserrat; color: #333333;\">El pluralismo y la tolerancia: el respeto a las creencias<br \/>religiosas y a los planteamientos de car\u00e1cter pol\u00edtico o ideol\u00f3gico.<br \/>El respeto a los comportamientos democr\u00e1ticos, asegurando la participaci\u00f3n y<br \/>colaboraci\u00f3n entre todos los miembros de la Comunidad educativa, fomentando el<br \/>trabajo en equipo.<br \/>La creatividad.<br \/>El esp\u00edritu cr\u00edtico.<br \/>La consideraci\u00f3n del aprendizaje como un proceso cooperativo que involucra a<br \/>todos\/as. La igualdad de oportunidades y la solidaridad favoreciendo la<br \/>integraci\u00f3n.<br \/>La asunci\u00f3n de responsabilidades y funciones que correspondan desempe\u00f1ar.<br \/>El esfuerzo y el \u00e1nimo constante de mejora.<\/span><\/p>\n<p class=\"MsoNormal\" style=\"margin-bottom: 11pt; background-image: initial; background-position: initial; background-size: initial; background-repeat: initial; background-attachment: initial; background-origin: initial; background-clip: initial;\"><span lang=\"es\" style=\"font-size: 12.0pt; line-height: 115%; font-family: Montserrat; mso-fareast-font-family: Montserrat; mso-bidi-font-family: Montserrat; color: #333333;\">El fomento del<br \/>esp\u00edritu europeo mediante la participaci\u00f3n del alumnado y del profesorado en<br \/>los programas de movilidad de la UE.<br \/>El sentido de la Calidad y de la seguridad personal y colectiva en el<br \/>desarrollo del trabajo. Respeto al medioambiente, concretado en las propias<br \/>instalaciones y en el entorno del CIPFP.<\/span><\/p>\n<p class=\"MsoNormal\" style=\"margin-bottom: 11pt; background-image: initial; background-position: initial; background-size: initial; background-repeat: initial; background-attachment: initial; background-origin: initial; background-clip: initial;\"><b><i><span lang=\"es\" style=\"font-size: 12.0pt; line-height: 115%; font-family: Montserrat; mso-fareast-font-family: Montserrat; mso-bidi-font-family: Montserrat; color: #333333;\">Adem\u00e1s<br \/>de la definici\u00f3n de la Misi\u00f3n, Visi\u00f3n y Valores, el CIPFP Valle de Elda<br \/>establece *como objetivos b\u00e1sicos e iniciales de su Pol\u00edtica de Calidad la<br \/>orientaci\u00f3n hacia:<\/span><\/i><\/b><\/p>\n<p class=\"MsoNormal\" style=\"margin-bottom: 11pt; background-image: initial; background-position: initial; background-size: initial; background-repeat: initial; background-attachment: initial; background-origin: initial; background-clip: initial;\"><span lang=\"es\" style=\"font-size: 12.0pt; line-height: 115%; font-family: Montserrat; mso-fareast-font-family: Montserrat; mso-bidi-font-family: Montserrat; color: #333333;\">\u23af El desempe\u00f1o de los<br \/>requisitos legales y otros aplicables a la actividad educativa realizada. <\/span><\/p>\n<p class=\"MsoNormal\" style=\"margin-bottom: 11pt; background-image: initial; background-position: initial; background-size: initial; background-repeat: initial; background-attachment: initial; background-origin: initial; background-clip: initial;\"><span lang=\"es\" style=\"font-size: 12.0pt; line-height: 115%; font-family: Montserrat; mso-fareast-font-family: Montserrat; mso-bidi-font-family: Montserrat; color: #333333;\">\u23af El desempe\u00f1o de las<br \/>expectativas, necesidades y demandas de las partes interesadas. <\/span><\/p>\n<p class=\"MsoNormal\" style=\"margin-bottom: 11pt; background-image: initial; background-position: initial; background-size: initial; background-repeat: initial; background-attachment: initial; background-origin: initial; background-clip: initial;\"><span lang=\"es\" style=\"font-size: 12.0pt; line-height: 115%; font-family: Montserrat; mso-fareast-font-family: Montserrat; mso-bidi-font-family: Montserrat; color: #333333;\">\u23af La Mejora Continua<br \/>de nuestra organizaci\u00f3n y del sistema de gesti\u00f3n de la calidad.<br \/>Esta Pol\u00edtica de calidad es referencia para el establecimiento de los objetivos<br \/>de la calidad.<\/span><\/p>\n<p class=\"MsoNormal\"><span lang=\"es\">\u00a0<\/span><\/p>\n<p class=\"MsoNormal\"><span lang=\"es\">\u00a0<\/span><\/p>\n<p class=\"MsoNormal\"><span lang=\"es\">\u2013 Metodolog\u00eda:<\/span><\/p>\n<p class=\"MsoNormal\"><span lang=\"es\">\u00a0<\/span><\/p>\n<p class=\"MsoNormal\"><span lang=\"es\">El centro apuesta de manera decidida por el<br \/>empleo de la digitalizaci\u00f3n en FP y el uso de metodolog\u00edas activas trabaj\u00e1ndose<br \/>metodolog\u00edas de aprendizaje basado en retos (ABR) , aprendizaje basado en<br \/>proyectos (ABP), aprendizaje servicio (APS). as\u00ed como las metodolog\u00edas de uso<br \/>habitual en Formaci\u00f3n Profesional.<\/span><\/p>\n<p class=\"MsoNormal\"><span lang=\"es\">\u00a0<\/span><\/p>\n<p class=\"MsoNormal\"><span lang=\"es\">La m\u00e1xima de nuestro centro es aprender<br \/>haciendo y adapt\u00e1ndonos a nuestro entorno productivo<\/span><\/p>\n<p class=\"MsoNormal\"><span lang=\"es\">\u00a0<\/span><\/p>\n<p class=\"MsoNormal\"><span lang=\"es\">Carretera de Sax, 37<\/span><\/p>\n<p class=\"MsoNormal\"><span lang=\"es\">03600.- Elda<\/span><\/p>\n<p class=\"MsoNormal\"><span lang=\"es\">Tfno. contacto: 966957330<\/span><\/p>\n<p class=\"MsoNormal\"><span lang=\"es\">E-mail: 03014812@edu.gva.es<\/span><\/p>\n<p>\u00a0<\/p>\n<p class=\"MsoNormal\"><span lang=\"es\">\u00a0<\/span><\/p>\n<p><\/p>\n<p><\/p>\n<figure class=\"wp-block-gallery columns-2 is-cropped wp-block-gallery-5 is-layout-flex wp-block-gallery-is-layout-flex\">\n<ul class=\"blocks-gallery-grid\">\n<li class=\"blocks-gallery-item\">\n<figure><img fetchpriority=\"high\" decoding=\"async\" width=\"1024\" height=\"576\" class=\"wp-image-223\" src=\"http:\/\/apaselda.es\/wp-content\/uploads\/2020\/05\/20200424_094144-1024x576.jpg\" alt=\"\" data-id=\"223\" data-full-url=\"http:\/\/apaselda.es\/wp-content\/uploads\/2020\/05\/20200424_094144-scaled.jpg\" data-link=\"http:\/\/apaselda.es\/?attachment_id=223\" srcset=\"https:\/\/apaselda.es\/wp-content\/uploads\/2020\/05\/20200424_094144-1024x576.jpg 1024w, https:\/\/apaselda.es\/wp-content\/uploads\/2020\/05\/20200424_094144-300x169.jpg 300w, https:\/\/apaselda.es\/wp-content\/uploads\/2020\/05\/20200424_094144-768x432.jpg 768w, https:\/\/apaselda.es\/wp-content\/uploads\/2020\/05\/20200424_094144-1536x864.jpg 1536w, https:\/\/apaselda.es\/wp-content\/uploads\/2020\/05\/20200424_094144-2048x1152.jpg 2048w\" sizes=\"(max-width: 767px) 89vw, (max-width: 1000px) 54vw, (max-width: 1071px) 543px, 580px\" \/><\/figure>\n<\/li>\n<li class=\"blocks-gallery-item\">\n<figure><img decoding=\"async\" width=\"1024\" height=\"576\" class=\"wp-image-224\" src=\"http:\/\/apaselda.es\/wp-content\/uploads\/2020\/05\/20200424_094224-1024x576.jpg\" alt=\"\" data-id=\"224\" data-full-url=\"http:\/\/apaselda.es\/wp-content\/uploads\/2020\/05\/20200424_094224-scaled.jpg\" data-link=\"http:\/\/apaselda.es\/?attachment_id=224\" srcset=\"https:\/\/apaselda.es\/wp-content\/uploads\/2020\/05\/20200424_094224-1024x576.jpg 1024w, https:\/\/apaselda.es\/wp-content\/uploads\/2020\/05\/20200424_094224-300x169.jpg 300w, https:\/\/apaselda.es\/wp-content\/uploads\/2020\/05\/20200424_094224-768x432.jpg 768w, https:\/\/apaselda.es\/wp-content\/uploads\/2020\/05\/20200424_094224-1536x864.jpg 1536w, https:\/\/apaselda.es\/wp-content\/uploads\/2020\/05\/20200424_094224-2048x1152.jpg 2048w\" sizes=\"(max-width: 767px) 89vw, (max-width: 1000px) 54vw, (max-width: 1071px) 543px, 580px\" \/><\/figure>\n<\/li>\n<\/ul>\n<\/figure>\n<p><\/p>\n<p><\/p>\n<figure class=\"wp-block-gallery columns-2 is-cropped wp-block-gallery-6 is-layout-flex wp-block-gallery-is-layout-flex\">\n<ul class=\"blocks-gallery-grid\">\n<li class=\"blocks-gallery-item\">\n<figure><img decoding=\"async\" width=\"1024\" height=\"576\" class=\"wp-image-225\" src=\"http:\/\/apaselda.es\/wp-content\/uploads\/2020\/05\/20200424_125930-1024x576.jpg\" alt=\"\" data-id=\"225\" data-full-url=\"http:\/\/apaselda.es\/wp-content\/uploads\/2020\/05\/20200424_125930-scaled.jpg\" data-link=\"http:\/\/apaselda.es\/?attachment_id=225\" srcset=\"https:\/\/apaselda.es\/wp-content\/uploads\/2020\/05\/20200424_125930-1024x576.jpg 1024w, https:\/\/apaselda.es\/wp-content\/uploads\/2020\/05\/20200424_125930-300x169.jpg 300w, https:\/\/apaselda.es\/wp-content\/uploads\/2020\/05\/20200424_125930-768x432.jpg 768w, https:\/\/apaselda.es\/wp-content\/uploads\/2020\/05\/20200424_125930-1536x864.jpg 1536w, https:\/\/apaselda.es\/wp-content\/uploads\/2020\/05\/20200424_125930-2048x1152.jpg 2048w\" sizes=\"(max-width: 767px) 89vw, (max-width: 1000px) 54vw, (max-width: 1071px) 543px, 580px\" \/><\/figure>\n<\/li>\n<li class=\"blocks-gallery-item\">\n<figure><img loading=\"lazy\" decoding=\"async\" width=\"1024\" height=\"576\" class=\"wp-image-226\" src=\"http:\/\/apaselda.es\/wp-content\/uploads\/2020\/05\/20200424_134306-1024x576.jpg\" alt=\"\" data-id=\"226\" data-full-url=\"http:\/\/apaselda.es\/wp-content\/uploads\/2020\/05\/20200424_134306-scaled.jpg\" data-link=\"http:\/\/apaselda.es\/?attachment_id=226\" srcset=\"https:\/\/apaselda.es\/wp-content\/uploads\/2020\/05\/20200424_134306-1024x576.jpg 1024w, https:\/\/apaselda.es\/wp-content\/uploads\/2020\/05\/20200424_134306-300x169.jpg 300w, https:\/\/apaselda.es\/wp-content\/uploads\/2020\/05\/20200424_134306-768x432.jpg 768w, https:\/\/apaselda.es\/wp-content\/uploads\/2020\/05\/20200424_134306-1536x864.jpg 1536w, https:\/\/apaselda.es\/wp-content\/uploads\/2020\/05\/20200424_134306-2048x1152.jpg 2048w\" sizes=\"(max-width: 767px) 89vw, (max-width: 1000px) 54vw, (max-width: 1071px) 543px, 580px\" \/><\/figure>\n<\/li>\n<\/ul>\n<\/figure>\n<p><\/p>\n<p><\/p>\n<figure class=\"wp-block-gallery columns-2 is-cropped wp-block-gallery-7 is-layout-flex wp-block-gallery-is-layout-flex\">\n<ul class=\"blocks-gallery-grid\">\n<li class=\"blocks-gallery-item\">\n<figure><img loading=\"lazy\" decoding=\"async\" width=\"604\" height=\"603\" class=\"wp-image-227\" src=\"http:\/\/apaselda.es\/wp-content\/uploads\/2020\/05\/Cocina.jpg\" alt=\"\" data-id=\"227\" data-full-url=\"http:\/\/apaselda.es\/wp-content\/uploads\/2020\/05\/Cocina.jpg\" data-link=\"http:\/\/apaselda.es\/?attachment_id=227\" srcset=\"https:\/\/apaselda.es\/wp-content\/uploads\/2020\/05\/Cocina.jpg 604w, https:\/\/apaselda.es\/wp-content\/uploads\/2020\/05\/Cocina-300x300.jpg 300w, https:\/\/apaselda.es\/wp-content\/uploads\/2020\/05\/Cocina-150x150.jpg 150w, https:\/\/apaselda.es\/wp-content\/uploads\/2020\/05\/Cocina-100x100.jpg 100w\" sizes=\"(max-width: 604px) 100vw, 604px\" \/><\/figure>\n<\/li>\n<li class=\"blocks-gallery-item\">\n<figure><img loading=\"lazy\" decoding=\"async\" width=\"598\" height=\"598\" class=\"wp-image-228\" src=\"http:\/\/apaselda.es\/wp-content\/uploads\/2020\/05\/restaurante2.jpg\" alt=\"\" data-id=\"228\" data-full-url=\"http:\/\/apaselda.es\/wp-content\/uploads\/2020\/05\/restaurante2.jpg\" data-link=\"http:\/\/apaselda.es\/?attachment_id=228\" srcset=\"https:\/\/apaselda.es\/wp-content\/uploads\/2020\/05\/restaurante2.jpg 598w, https:\/\/apaselda.es\/wp-content\/uploads\/2020\/05\/restaurante2-300x300.jpg 300w, https:\/\/apaselda.es\/wp-content\/uploads\/2020\/05\/restaurante2-150x150.jpg 150w, https:\/\/apaselda.es\/wp-content\/uploads\/2020\/05\/restaurante2-100x100.jpg 100w\" sizes=\"(max-width: 598px) 100vw, 598px\" \/><\/figure>\n<\/li>\n<\/ul>\n<\/figure>\n<p><\/p>\n<p><\/p>\n<figure class=\"wp-block-gallery columns-2 is-cropped wp-block-gallery-8 is-layout-flex wp-block-gallery-is-layout-flex\">\n<ul class=\"blocks-gallery-grid\">\n<li class=\"blocks-gallery-item\">\n<figure><img loading=\"lazy\" decoding=\"async\" width=\"945\" height=\"657\" class=\"wp-image-229\" src=\"http:\/\/apaselda.es\/wp-content\/uploads\/2020\/05\/restaurante.jpg\" alt=\"\" data-id=\"229\" data-full-url=\"http:\/\/apaselda.es\/wp-content\/uploads\/2020\/05\/restaurante.jpg\" data-link=\"http:\/\/apaselda.es\/?attachment_id=229\" srcset=\"https:\/\/apaselda.es\/wp-content\/uploads\/2020\/05\/restaurante.jpg 945w, https:\/\/apaselda.es\/wp-content\/uploads\/2020\/05\/restaurante-300x209.jpg 300w, https:\/\/apaselda.es\/wp-content\/uploads\/2020\/05\/restaurante-768x534.jpg 768w\" sizes=\"(max-width: 767px) 89vw, (max-width: 1000px) 54vw, (max-width: 1071px) 543px, 580px\" \/><\/figure>\n<\/li>\n<li class=\"blocks-gallery-item\">\n<figure><img loading=\"lazy\" decoding=\"async\" width=\"1024\" height=\"576\" class=\"wp-image-231\" src=\"http:\/\/apaselda.es\/wp-content\/uploads\/2020\/05\/Sala-de-hornos-1024x576.jpg\" alt=\"\" data-id=\"231\" data-full-url=\"http:\/\/apaselda.es\/wp-content\/uploads\/2020\/05\/Sala-de-hornos-scaled.jpg\" data-link=\"http:\/\/apaselda.es\/?attachment_id=231\" srcset=\"https:\/\/apaselda.es\/wp-content\/uploads\/2020\/05\/Sala-de-hornos-1024x576.jpg 1024w, https:\/\/apaselda.es\/wp-content\/uploads\/2020\/05\/Sala-de-hornos-300x169.jpg 300w, https:\/\/apaselda.es\/wp-content\/uploads\/2020\/05\/Sala-de-hornos-768x432.jpg 768w, https:\/\/apaselda.es\/wp-content\/uploads\/2020\/05\/Sala-de-hornos-1536x864.jpg 1536w, https:\/\/apaselda.es\/wp-content\/uploads\/2020\/05\/Sala-de-hornos-2048x1152.jpg 2048w\" sizes=\"(max-width: 767px) 89vw, (max-width: 1000px) 54vw, (max-width: 1071px) 543px, 580px\" \/><\/figure>\n<\/li>\n<\/ul>\n<\/figure>\n<p><\/p>\n<p><\/p>\n<figure class=\"wp-block-image size-large\"><img loading=\"lazy\" decoding=\"async\" width=\"1024\" height=\"576\" class=\"wp-image-230\" src=\"http:\/\/apaselda.es\/wp-content\/uploads\/2020\/05\/Taller-de-crianza-2-1024x576.jpg\" alt=\"\" srcset=\"https:\/\/apaselda.es\/wp-content\/uploads\/2020\/05\/Taller-de-crianza-2-1024x576.jpg 1024w, https:\/\/apaselda.es\/wp-content\/uploads\/2020\/05\/Taller-de-crianza-2-300x169.jpg 300w, https:\/\/apaselda.es\/wp-content\/uploads\/2020\/05\/Taller-de-crianza-2-768x432.jpg 768w, https:\/\/apaselda.es\/wp-content\/uploads\/2020\/05\/Taller-de-crianza-2-1536x864.jpg 1536w, https:\/\/apaselda.es\/wp-content\/uploads\/2020\/05\/Taller-de-crianza-2-2048x1152.jpg 2048w\" sizes=\"(max-width: 767px) 89vw, (max-width: 1000px) 54vw, (max-width: 1071px) 543px, 580px\" \/><\/figure>\n<p><\/p>\n<p><\/p>\n<p class=\"has-text-align-center\">\u00a0<\/p>\n<p><\/p>\t\t\t\t\t\t\t\t<\/div>\n\t\t\t\t<\/div>\n\t\t\t\t\t<\/div>\n\t\t<\/div>\n\t\t\t\t\t<\/div>\n\t\t<\/section>\n\t\t\t\t<\/div>\n\t\t","protected":false},"excerpt":{"rendered":"<p>CIPFP Valle de Elda \u00a0VIDEO DE PRESENTACI\u00d3N DEL INSTITUTO \u00a0 \u00a0 \u00a0 \u2013 Nombre: Centro Integrado P\u00fablico deFormaci\u00f3n Profesional Valle de Elda \u00a0 Carretera de Sax, 37, 03600 Elda \u00a0 Telf.: 966 95 73 30 \u00a0 e-mail: 030148122@edu.gva.es \u00a0 \u00a0 \u00a0 V\u00cdDEO DE PRESENTACI\u00d3N DEL INSTITUTO\u00a0 \u00a0 \u00a0 Horario de apertura de oficinas: de 9:00 &hellip; <\/p>\n<p class=\"link-more\"><a href=\"https:\/\/apaselda.es\/?page_id=220\" class=\"more-link\">Continuar leyendo<span class=\"screen-reader-text\"> &#8220;CIFP VALLE DE ELDA&#8221;<\/span><\/a><\/p>\n","protected":false},"author":1,"featured_media":0,"parent":0,"menu_order":0,"comment_status":"closed","ping_status":"closed","template":"","meta":{"footnotes":""},"class_list":["post-220","page","type-page","status-publish","hentry"],"_links":{"self":[{"href":"https:\/\/apaselda.es\/index.php?rest_route=\/wp\/v2\/pages\/220","targetHints":{"allow":["GET"]}}],"collection":[{"href":"https:\/\/apaselda.es\/index.php?rest_route=\/wp\/v2\/pages"}],"about":[{"href":"https:\/\/apaselda.es\/index.php?rest_route=\/wp\/v2\/types\/page"}],"author":[{"embeddable":true,"href":"https:\/\/apaselda.es\/index.php?rest_route=\/wp\/v2\/users\/1"}],"replies":[{"embeddable":true,"href":"https:\/\/apaselda.es\/index.php?rest_route=%2Fwp%2Fv2%2Fcomments&post=220"}],"version-history":[{"count":11,"href":"https:\/\/apaselda.es\/index.php?rest_route=\/wp\/v2\/pages\/220\/revisions"}],"predecessor-version":[{"id":3266,"href":"https:\/\/apaselda.es\/index.php?rest_route=\/wp\/v2\/pages\/220\/revisions\/3266"}],"wp:attachment":[{"href":"https:\/\/apaselda.es\/index.php?rest_route=%2Fwp%2Fv2%2Fmedia&parent=220"}],"curies":[{"name":"wp","href":"https:\/\/api.w.org\/{rel}","templated":true}]}}